{"id":28,"date":"2011-03-12T10:39:39","date_gmt":"2011-03-12T15:39:39","guid":{"rendered":"https:\/\/www.bu.edu\/ckls\/?page_id=28"},"modified":"2018-09-24T18:43:08","modified_gmt":"2018-09-24T22:43:08","slug":"annual-ckls","status":"publish","type":"page","link":"https:\/\/www.bu.edu\/ckls\/annual-ckls\/","title":{"rendered":"The Annual C-K Lecture"},"content":{"rendered":"<p><strong><img loading=\"lazy\" src=\"http:\/\/www.bu.edu\/wgs\/files\/2009\/11\/roberta.jpg\" alt=\"Image result for roberta micallef\" class=\"alignleft\" width=\"136\" height=\"203\" \/>2018: Roberta Micallef,<\/strong>\u00a0associate Professor of the Practice in Modern Languages and Comparative Literature at Boston University<\/p>\n<p><a href=\"http:\/\/www.bu.edu\/wgs\/community\/faculty\/roberta-micallef\/\">Prof. Micallef&#8217;s Faculty Page\u00a0<\/a><\/p>\n<p>&nbsp;<\/p>\n<p>&nbsp;<\/p>\n<p>&nbsp;<\/p>\n<p>&nbsp;<\/p>\n<p><img loading=\"lazy\" src=\"https:\/\/i1.rgstatic.net\/ii\/profile.image\/436419450675201-1481061913185_Q512\/Fatma_Gocek.jpg\" alt=\"Image result for fatma muge gocek\" class=\"alignleft\" width=\"137\" height=\"137\" \/><\/p>\n<p><strong>2017: Fatima M\u00fcge G\u00f6\u00e7ek,\u00a0<\/strong>professor of Sociology and Women&#8217;s Studies at the University of Michigan<\/p>\n<p>&nbsp;<\/p>\n<p><a href=\"http:\/\/www-personal.umich.edu\/~gocek\/\">Prof. M\u00fcge G\u00f6\u00e7ek&#8217;s Faculty Page<\/a><\/p>\n<p>&nbsp;<\/p>\n<p>&nbsp;<\/p>\n<p><strong>\u00a0<a href=\"\/ckls\/files\/2017\/03\/resat-kasaba-04-200x250.jpg\"><img loading=\"lazy\" src=\"\/ckls\/files\/2017\/03\/resat-kasaba-04-200x250.jpg\" alt=\"resat-kasaba-04-200x250\" width=\"121\" height=\"151\" class=\" wp-image-959 alignleft\" \/><\/a>2016: Re\u015fat Kasaba<\/strong>, Director of the Jackson School of International Studies, University of Washington<\/p>\n<p><a href=\"https:\/\/jsis.washington.edu\/people\/resat-kasaba\/\">Prof. Kasaba&#8217;s Faculty Page<\/a><\/p>\n<p><strong><\/strong><\/p>\n<p>&nbsp;<\/p>\n<p>&nbsp;<\/p>\n<p><strong><a href=\"\/ckls\/files\/2010\/12\/JennyWhite.jpg\"><img loading=\"lazy\" src=\"\/ckls\/files\/2010\/12\/JennyWhite-150x150.jpg\" alt=\"JennyWhite\" width=\"150\" height=\"150\" class=\" size-thumbnail wp-image-291 alignleft\" \/><\/a><\/strong><strong><\/strong><\/p>\n<p><strong>2015: \u00a0Jenny White,\u00a0<\/strong>social anthropologist, Boston\u00a0University professor<\/p>\n<p><a href=\"http:\/\/kamilpasha.com\/\">Prof. White&#8217;s Blog<\/a><br \/>\n<a href=\"http:\/\/www.jennywhite.net\/\">Prof. White&#8217;s Official Website<\/a><\/p>\n<p>&nbsp;<\/p>\n<p>&nbsp;<\/p>\n<p>&nbsp;<\/p>\n<p><strong><img loading=\"lazy\" src=\"\/ckls\/files\/2014\/05\/ayse-150x150.jpg\" alt=\"ayse\" width=\"150\" height=\"150\" class=\" size-thumbnail wp-image-772 alignleft\" \/>2014: \u00a0Ay\u015fe Kad\u0131o\u011flu,\u00a0<\/strong>political scientist,\u00a0Sabanci\u00a0University professor<\/p>\n<p><a href=\"https:\/\/www.bu.edu\/ckls\/videos\/video-ayse-kadigolu-2014\/\">Video of Ay\u015fe Kad\u0131o\u011flu&#8217;s Lecture<\/a><\/p>\n<p><strong><a href=\"\/ckls\/files\/2014\/05\/ayse.jpg\"><\/a><a href=\"\/ckls\/files\/2011\/03\/j-white.jpg\"><\/a><\/strong><\/p>\n<p>&nbsp;<\/p>\n<p>&nbsp;<\/p>\n<p>&nbsp;<\/p>\n<p><img loading=\"lazy\" src=\"\/ckls\/files\/2010\/12\/soli-ozel.jpg\" class=\" wp-image-382 alignleft\" alt=\"soli ozel\" width=\"109\" height=\"148\" \/><\/p>\n<p><strong>2013: \u00a0Soli Ozel, <\/strong>economist, \u00a0Kadir Haz Universitesi\u00a0professor<\/p>\n<p><a href=\"https:\/\/www.bu.edu\/ckls\/videos\/video-soli-ozel-2013\/\">Video of Soli Ozel&#8217;s Lecture<\/a><\/p>\n<p>&nbsp;<\/p>\n<p>&nbsp;<\/p>\n<p>&nbsp;<\/p>\n<p><img loading=\"lazy\" alt=\"Stephen Kinzer\" src=\"\/ckls\/files\/2011\/03\/Faculty_Kinzer_Stephen.jpg\" title=\"Faculty_Kinzer_Stephen\" class=\"alignleft wp-image-285 size-full\" height=\"130\" width=\"115\" \/><\/p>\n<p><strong>2012:\u00a0<strong> Stephen Kinzer,<\/strong><\/strong> journalist, author, Boston University professor<\/p>\n<p><a href=\"https:\/\/www.bu.edu\/ckls\/videos\/kinzer\/\">Video of Stephen Kinzer&#8217;s Lecture<\/a><\/p>\n<p>&nbsp;<\/p>\n<p>&nbsp;<\/p>\n<p>&nbsp;<\/p>\n<p><img loading=\"lazy\" alt=\"blackmilkshafak1\" src=\"\/ckls\/files\/2011\/03\/blackmilkshafak1-150x150.jpg\" title=\"blackmilkshafak1\" class=\"alignleft size-thumbnail wp-image-255\" height=\"103\" width=\"103\" \/><\/p>\n<p><strong>2011: Elif Shafak,<\/strong> Novelist<\/p>\n<p><a href=\"http:\/\/www.elifshafak.com\/index.asp\">Elif Shafak&#8217;s website<\/a><a href=\"http:\/\/www.bu.edu\/buniverse\/view\/?v=532Ghd7\"><\/a><\/p>\n<p><a href=\"http:\/\/www.bu.edu\/buniverse\/view\/?v=532Ghd7\"> Video of Elif Shafak&#8217;s lecture<\/a><\/p>\n<p>&nbsp;<\/p>\n<p><img loading=\"lazy\" alt=\"Berna_Turam_official_photo_NEW\" src=\"\/ckls\/files\/2011\/03\/Berna_Turam_official_photo_NEW-150x150.jpg\" title=\"Berna_Turam_official_photo_NEW\" class=\"alignleft size-thumbnail wp-image-45\" height=\"100\" width=\"100\" srcset=\"https:\/\/www.bu.edu\/ckls\/files\/2011\/03\/Berna_Turam_official_photo_NEW-150x150.jpg 150w, https:\/\/www.bu.edu\/ckls\/files\/2011\/03\/Berna_Turam_official_photo_NEW-636x636.jpg 636w, https:\/\/www.bu.edu\/ckls\/files\/2011\/03\/Berna_Turam_official_photo_NEW-1024x1024.jpg 1024w, https:\/\/www.bu.edu\/ckls\/files\/2011\/03\/Berna_Turam_official_photo_NEW.jpg 1800w\" sizes=\"(max-width: 100px) 100vw, 100px\" \/><\/p>\n<p><strong>2010: Berna Turam, <\/strong>Northeastern University<\/p>\n<p><a target=\"_blank\" href=\"https:\/\/www.bu.edu\/ckls\/videos\/bernaturam2009\/\" rel=\"noopener\">Video of Prof. Turam&#8217;s Lecture<br \/>\n<\/a><a target=\"_blank\" href=\"http:\/\/www.northeastern.edu\/internationalaffairs\/faculty_staff\/faculty_profiles\/berna_turam\/\" rel=\"noopener\">Prof. Turam&#8217;s Faculty Page at Northeastern University<\/a><\/p>\n<p>&nbsp;<\/p>\n<p><a href=\"\/ckls\/files\/2011\/03\/MustafaAkyol_b.jpg\"><img loading=\"lazy\" alt=\"MustafaAkyol_b\" src=\"\/ckls\/files\/2011\/03\/MustafaAkyol_b.jpg\" title=\"MustafaAkyol_b\" class=\"alignleft size-full wp-image-111\" height=\"100\" width=\"100\" \/><\/a><strong>2009: Mustafa Akyol, <\/strong>journalist<\/p>\n<p><a href=\"https:\/\/www.bu.edu\/ckls\/videos\/video-mustafa-akyol-2009\/\">Video of Mustafa Akyol&#8217;s Lecture<\/a> <a href=\"http:\/\/worldofideas.wbur.org\/2009\/06\/21\/turkey-yes-we-can-2\"><br \/>\nStreaming audio of lecture<\/a> <a target=\"_blank\" href=\"http:\/\/www.mustafaakyol.org\/\" rel=\"noopener\"><br \/>\nMustafa Akyol&#8217;s Website<\/a><\/p>\n<p>&nbsp;<\/p>\n<p><a href=\"\/ckls\/files\/2011\/03\/henry-barkey.jpg\"><img loading=\"lazy\" alt=\"henry barkey\" src=\"\/ckls\/files\/2011\/03\/henry-barkey-150x150.jpg\" title=\"henry barkey\" class=\"alignleft size-thumbnail wp-image-110\" height=\"100\" width=\"100\" \/><\/a><strong>2008: Henri Barkey, <\/strong>Lehigh University<\/p>\n<p><a href=\"https:\/\/www.bu.edu\/ckls\/videos\/video-henri-j-barkey-2008\/\">Video of Prof. Barkey&#8217;s Lecture<\/a><br \/>\n<a href=\"http:\/\/cas.lehigh.edu\/casweb\/default.aspx?id=185\">Prof. Barkey&#8217;s Faculty Page at Lehigh University<\/a><\/p>\n<p>&nbsp;<\/p>\n<p><a href=\"\/ckls\/files\/2011\/03\/salih_memecan30.jpg\"><br style=\"clear: both;\" \/><img loading=\"lazy\" alt=\"salih_memecan30\" src=\"\/ckls\/files\/2011\/03\/salih_memecan30-150x150.jpg\" title=\"salih_memecan30\" class=\"alignleft size-thumbnail wp-image-108\" height=\"100\" width=\"100\" srcset=\"https:\/\/www.bu.edu\/ckls\/files\/2011\/03\/salih_memecan30-150x150.jpg 150w, https:\/\/www.bu.edu\/ckls\/files\/2011\/03\/salih_memecan30.jpg 230w\" sizes=\"(max-width: 100px) 100vw, 100px\" \/><\/a><strong>2007: Salih Memecan, <\/strong>cartoonist<\/p>\n<p><a href=\"https:\/\/www.bu.edu\/ckls\/videos\/video-salih-memecan-2007\/\">Video of Salih Memecan&#8217;s Lecture<\/a><br \/>\n<a href=\"http:\/\/www.sizinkiler.com\/\">Salih Memecan&#8217;s Website<\/a><\/p>\n<p>&nbsp;<\/p>\n<p><a href=\"\/ckls\/files\/2011\/03\/graham_fuller.jpg\"><img loading=\"lazy\" alt=\"graham_fuller\" src=\"\/ckls\/files\/2011\/03\/graham_fuller-150x150.jpg\" title=\"graham_fuller\" class=\"alignleft size-thumbnail wp-image-109\" height=\"100\" width=\"100\" \/><\/a><strong>2006: Graham E. Fuller<\/strong><\/p>\n<p><a href=\"https:\/\/www.bu.edu\/ckls\/videos\/video-graham-e-fuller-2006\/\">Video of Graham Fuller&#8217;s Lecture<\/a><\/p>\n<p>&nbsp;<\/p>\n<p>&nbsp;<\/p>\n<p><img loading=\"lazy\" alt=\"elif safak\" src=\"\/ckls\/files\/2011\/03\/elif-safak1-150x150.jpg\" title=\"elif safak\" class=\"alignleft size-thumbnail wp-image-106\" height=\"100\" width=\"100\" \/><strong><a name=\"2005ElifShafak\"><\/a>2005: Elif Shafak<\/strong>, University of Arizona<br \/>\n<a href=\"http:\/\/www.elifshafak.com\/index.asp\">Official Website of Elif Shafak<\/a><\/p>\n<p>&nbsp;<\/p>\n<p>&nbsp;<\/p>\n<p><a href=\"\/ckls\/files\/2011\/03\/metinheper.jpg\"><img loading=\"lazy\" alt=\"metinheper\" src=\"\/ckls\/files\/2011\/03\/metinheper-e1302528130846.jpg\" title=\"metinheper\" class=\"alignleft size-full wp-image-103\" height=\"100\" width=\"97\" \/><\/a><strong>2004: Metin Heper<\/strong>, Bilkent University<br \/>\n<a target=\"_blank\" href=\"http:\/\/www.provost.bilkent.edu.tr\/mheper\/cv.html\" rel=\"noopener\">Prof. Heper&#8217;s Faculty Page at Bilkent University<\/a><\/p>\n<p>&nbsp;<\/p>\n<p>&nbsp;<\/p>\n<p>&nbsp;<\/p>\n<p><a href=\"\/ckls\/files\/2011\/03\/sencer-ayata.jpg\"><img loading=\"lazy\" alt=\"sencer ayata\" src=\"\/ckls\/files\/2011\/03\/sencer-ayata-e1302527845101.jpg\" title=\"sencer ayata\" style=\"margin-left: 10px; margin-right: 10px;\" class=\"alignleft size-full wp-image-101\" height=\"100\" width=\"90\" \/><\/a><strong>2003: Sencer Ayata<\/strong>, Middle East Technical University (METU)<br \/>\n<a target=\"_blank\" href=\"http:\/\/www.soc.metu.edu.tr\/content\/prof-dr-sencer-ayata\" rel=\"noopener\">Prof. Ayata&#8217;s Faculty Page at METU<\/a><\/p>\n<p><a href=\"http:\/\/worldofideas.wbur.org\/2003\/07\/27\/turkey-and-political-islam-rebroadcast\" title=\"Streaming audio of the lecture\">Streaming audio of Prof. Ayata&#8217;s lecture<\/a><\/p>\n<p>&nbsp;<\/p>\n<p>&nbsp;<\/p>\n<p><a href=\"\/ckls\/files\/2011\/03\/j-white.jpg\"><img loading=\"lazy\" alt=\"j-white\" src=\"\/ckls\/files\/2011\/03\/j-white-150x150.jpg\" title=\"j-white\" class=\"alignleft size-thumbnail wp-image-90\" height=\"100\" width=\"100\" \/><\/a><strong>2002: Jenny B. White<\/strong>, Boston University<br \/>\nProf. White&#8217;s <a href=\"http:\/\/www.bu.edu\/anthrop\/people\/faculty\/j-white\/\">Faculty Page<\/a><\/p>\n<p><a href=\"http:\/\/kamilpasha.com\/\">Prof. White&#8217;s Blog<\/a><br \/>\n<a href=\"http:\/\/www.jennywhite.net\/\">Prof. White&#8217;s Official Website<\/a><\/p>\n<p>&nbsp;<\/p>\n<p><a href=\"\/ckls\/files\/2011\/03\/alaton.jpg\"><img loading=\"lazy\" alt=\"alaton\" src=\"\/ckls\/files\/2011\/03\/alaton-150x150.jpg\" title=\"alaton\" class=\"alignleft size-thumbnail wp-image-86\" height=\"100\" width=\"100\" \/><\/a><strong>2001: Izhak Alaton<\/strong>, CEO of Alarko Holding<br \/>\nLecture Title: &#8220;The Question of Corruption in Turkey&#8221;<\/p>\n<p>Mr. Alaton&#8217;s <a href=\"http:\/\/people.bu.edu\/arn\/CK\/Ishak%20Alaton%20Speech%20.pdf\">Keynote Speech<\/a><br \/>\nMr. Alaton&#8217;s <a href=\"http:\/\/people.bu.edu\/arn\/CK\/Ishak%20Alaton.pdf\">Biography<\/a><\/p>\n<p>&nbsp;<\/p>\n<p><strong><a href=\"\/ckls\/files\/2011\/03\/cemal_kafadar.jpg\"><img loading=\"lazy\" alt=\"cemal_kafadar\" src=\"\/ckls\/files\/2011\/03\/cemal_kafadar-150x150.jpg\" title=\"cemal_kafadar\" class=\"alignleft size-thumbnail wp-image-88\" height=\"100\" width=\"100\" \/><\/a>2000: Cemal Kafadar<\/strong>, Harvard University<\/p>\n<p>Prof. Kafadar&#8217;s <a href=\"http:\/\/history.fas.harvard.edu\/people\/faculty\/kafadar.php\">Faculty Page<br style=\"clear: both;\" \/><\/a><\/p>\n<p><strong><a href=\"\/ckls\/files\/2011\/03\/kandiyoti1.jpg\"><img loading=\"lazy\" alt=\"kandiyoti\" src=\"\/ckls\/files\/2011\/03\/kandiyoti1.jpg\" title=\"kandiyoti\" class=\"alignleft size-full wp-image-76\" height=\"100\" width=\"100\" \/><\/a>1999: Deniz Kandiyoti, <\/strong>University of London<br \/>\nLecture Title: \u201cFragments of Culture: The Everyday of Modern Turkey\u201d<\/p>\n<p>Prof. Kandiyoti&#8217;s <a href=\"http:\/\/people.bu.edu\/arn\/CK\/Deniz%20Kandiyoti%20-%20Speech.pdf\">Keynote Speech<\/a> and her <a href=\"http:\/\/people.bu.edu\/arn\/CK\/Deniz%20Kandiyoti%20-%20CV.pdf\">biography<\/a>.<br \/>\nProf. Kandiyoti&#8217;s <a href=\"http:\/\/www.soas.ac.uk\/staff\/staff31216.php\">Faculty Page<\/a> at the University of London.<\/p>\n<p>&nbsp;<\/p>\n<p>&nbsp;<\/p>\n<p><strong><a href=\"\/ckls\/files\/2011\/03\/sibel.jpg\"><img loading=\"lazy\" alt=\"sibel bozdogan\" src=\"\/ckls\/files\/2011\/03\/sibel-150x150.jpg\" title=\"sibel bozdogan\" class=\"alignleft size-thumbnail wp-image-73\" height=\"100\" width=\"100\" \/><\/a>1998: Sibel Bozdogan, <\/strong>Massachussetts Institute of Technology<br \/>\nLecture Title: \u201cModern Architecture and National Identity in Turkey: Republican Visions and Current Revisions\u201d<\/p>\n<p><a href=\"http:\/\/www.gsd.harvard.edu\/cgi-bin\/faculty\/details.cgi?faculty_id=714\">Prof. Bozdogan&#8217;s Faculty Page at Harvard University<br style=\"clear: both;\" \/><\/a><\/p>\n<p><strong><a href=\"\/ckls\/files\/2011\/03\/ilnur_cevik01.jpg\"><img loading=\"lazy\" alt=\"ilnur_cevik01\" src=\"\/ckls\/files\/2011\/03\/ilnur_cevik01.jpg\" title=\"ilnur_cevik01\" class=\"alignleft size-full wp-image-81\" height=\"100\" width=\"100\" \/><\/a>1997: \u0130lnur \u00c7evik, <\/strong>Editor of The Turkish Daily News<\/p>\n<p><a href=\"http:\/\/www.hurriyetdailynews.com\/\">The Turkish Daily News Website<br style=\"clear: both;\" \/><\/a><\/p>\n<p><strong><a href=\"\/ckls\/files\/2011\/03\/Ayata.jpg\"><img loading=\"lazy\" alt=\"Ayata\" src=\"\/ckls\/files\/2011\/03\/Ayata.jpg\" title=\"Ayata\" class=\"alignleft size-full wp-image-79\" height=\"100\" width=\"100\" \/><\/a>1996: Ay\u015fe Ayata, <\/strong>Middle East Technical University<br \/>\nLecture Title: &#8220;The Emergence of Idendity Politics in Turkey&#8221;<\/p>\n<p><a href=\"http:\/\/staffroster.metu.edu.tr\/my_staff_roster.php?ssn=NzQzMzE=\">Prof. Ayata&#8217;s Faculty Page at METU<\/a> and <a href=\"http:\/\/people.bu.edu\/arn\/CK\/Ayse%20Ayata.pdf\">Curriculum Vitae<\/a><\/p>\n","protected":false},"excerpt":{"rendered":"<p>2018: Roberta Micallef,\u00a0associate Professor of the Practice in Modern Languages and Comparative Literature at Boston University Prof. Micallef&#8217;s Faculty Page\u00a0 &nbsp; &nbsp; &nbsp; &nbsp; 2017: Fatima M\u00fcge G\u00f6\u00e7ek,\u00a0professor of Sociology and Women&#8217;s Studies at the University of Michigan &nbsp; Prof. M\u00fcge G\u00f6\u00e7ek&#8217;s Faculty Page &nbsp; &nbsp; \u00a02016: Re\u015fat Kasaba, Director of the Jackson School of [&hellip;]<\/p>\n","protected":false},"author":3925,"featured_media":0,"parent":0,"menu_order":7,"comment_status":"closed","ping_status":"closed","template":"","meta":[],"_links":{"self":[{"href":"https:\/\/www.bu.edu\/ckls\/wp-json\/wp\/v2\/pages\/28"}],"collection":[{"href":"https:\/\/www.bu.edu\/ckls\/wp-json\/wp\/v2\/pages"}],"about":[{"href":"https:\/\/www.bu.edu\/ckls\/wp-json\/wp\/v2\/types\/page"}],"author":[{"embeddable":true,"href":"https:\/\/www.bu.edu\/ckls\/wp-json\/wp\/v2\/users\/3925"}],"replies":[{"embeddable":true,"href":"https:\/\/www.bu.edu\/ckls\/wp-json\/wp\/v2\/comments?post=28"}],"version-history":[{"count":50,"href":"https:\/\/www.bu.edu\/ckls\/wp-json\/wp\/v2\/pages\/28\/revisions"}],"predecessor-version":[{"id":1044,"href":"https:\/\/www.bu.edu\/ckls\/wp-json\/wp\/v2\/pages\/28\/revisions\/1044"}],"wp:attachment":[{"href":"https:\/\/www.bu.edu\/ckls\/wp-json\/wp\/v2\/media?parent=28"}],"curies":[{"name":"wp","href":"https:\/\/api.w.org\/{rel}","templated":true}]}}